{"id":1305,"date":"2023-11-13T14:12:59","date_gmt":"2023-11-13T14:12:59","guid":{"rendered":"https:\/\/primariadornesti.ro\/?page_id=1305"},"modified":"2024-10-17T09:27:13","modified_gmt":"2024-10-17T09:27:13","slug":"asistenta-sociala","status":"publish","type":"page","link":"https:\/\/arhiva.primariaceahlau.ro\/?page_id=1305","title":{"rendered":"Asisten\u021b\u0103 social\u0103"},"content":{"rendered":"\t\t<div data-elementor-type=\"wp-page\" data-elementor-id=\"1305\" class=\"elementor elementor-1305\">\n\t\t\t\t\t\t<section class=\"elementor-section elementor-top-section elementor-element elementor-element-de15fca elementor-section-boxed elementor-section-height-default elementor-section-height-default\" data-id=\"de15fca\" data-element_type=\"section\">\n\t\t\t\t\t\t<div class=\"elementor-container elementor-column-gap-default\">\n\t\t\t\t\t<div class=\"elementor-column elementor-col-100 elementor-top-column elementor-element elementor-element-6ada242\" data-id=\"6ada242\" data-element_type=\"column\">\n\t\t\t<div class=\"elementor-widget-wrap elementor-element-populated\">\n\t\t\t\t\t\t<div class=\"elementor-element elementor-element-efbfbcb elementor-widget elementor-widget-heading\" data-id=\"efbfbcb\" data-element_type=\"widget\" data-widget_type=\"heading.default\">\n\t\t\t\t<div class=\"elementor-widget-container\">\n\t\t\t\t\t<h3 class=\"elementor-heading-title elementor-size-default\">Asisten\u021b\u0103 social\u0103<\/h3>\t\t\t\t<\/div>\n\t\t\t\t<\/div>\n\t\t\t\t<div class=\"elementor-element elementor-element-465bb58 elementor-widget-divider--view-line elementor-widget elementor-widget-divider\" data-id=\"465bb58\" data-element_type=\"widget\" data-widget_type=\"divider.default\">\n\t\t\t\t<div class=\"elementor-widget-container\">\n\t\t\t\t\t\t\t<div class=\"elementor-divider\">\n\t\t\t<span class=\"elementor-divider-separator\">\n\t\t\t\t\t\t<\/span>\n\t\t<\/div>\n\t\t\t\t\t\t<\/div>\n\t\t\t\t<\/div>\n\t\t\t\t<div class=\"elementor-element elementor-element-94978e7 elementor-widget elementor-widget-text-editor\" data-id=\"94978e7\" data-element_type=\"widget\" data-widget_type=\"text-editor.default\">\n\t\t\t\t<div class=\"elementor-widget-container\">\n\t\t\t\t\t\t\t\t\t<h4>Responsabil departament:<\/h4><h4 style=\"padding-left: 120px;\">IUTE\u0218 MARIA-CLAUDIA\u00a0<\/h4>\t\t\t\t\t\t\t\t<\/div>\n\t\t\t\t<\/div>\n\t\t\t\t<div class=\"elementor-element elementor-element-704d1b9 elementor-widget-divider--view-line elementor-widget elementor-widget-divider\" data-id=\"704d1b9\" data-element_type=\"widget\" data-widget_type=\"divider.default\">\n\t\t\t\t<div class=\"elementor-widget-container\">\n\t\t\t\t\t\t\t<div class=\"elementor-divider\">\n\t\t\t<span class=\"elementor-divider-separator\">\n\t\t\t\t\t\t<\/span>\n\t\t<\/div>\n\t\t\t\t\t\t<\/div>\n\t\t\t\t<\/div>\n\t\t\t\t\t<\/div>\n\t\t<\/div>\n\t\t\t\t\t<\/div>\n\t\t<\/section>\n\t\t\t\t<section class=\"elementor-section elementor-top-section elementor-element elementor-element-affc69d elementor-section-boxed elementor-section-height-default elementor-section-height-default\" data-id=\"affc69d\" data-element_type=\"section\">\n\t\t\t\t\t\t<div class=\"elementor-container elementor-column-gap-default\">\n\t\t\t\t\t<div class=\"elementor-column elementor-col-100 elementor-top-column elementor-element elementor-element-220afdb\" data-id=\"220afdb\" data-element_type=\"column\">\n\t\t\t<div class=\"elementor-widget-wrap elementor-element-populated\">\n\t\t\t\t\t\t<div class=\"elementor-element elementor-element-f74d7cf elementor-widget elementor-widget-heading\" data-id=\"f74d7cf\" data-element_type=\"widget\" data-widget_type=\"heading.default\">\n\t\t\t\t<div class=\"elementor-widget-container\">\n\t\t\t\t\t<h4 class=\"elementor-heading-title elementor-size-default\">Atribu\u021bii<\/h4>\t\t\t\t<\/div>\n\t\t\t\t<\/div>\n\t\t\t\t<div class=\"elementor-element elementor-element-d7e68e0 elementor-widget-divider--view-line elementor-widget elementor-widget-divider\" data-id=\"d7e68e0\" data-element_type=\"widget\" data-widget_type=\"divider.default\">\n\t\t\t\t<div class=\"elementor-widget-container\">\n\t\t\t\t\t\t\t<div class=\"elementor-divider\">\n\t\t\t<span class=\"elementor-divider-separator\">\n\t\t\t\t\t\t<\/span>\n\t\t<\/div>\n\t\t\t\t\t\t<\/div>\n\t\t\t\t<\/div>\n\t\t\t\t\t<\/div>\n\t\t<\/div>\n\t\t\t\t\t<\/div>\n\t\t<\/section>\n\t\t\t\t<section class=\"elementor-section elementor-top-section elementor-element elementor-element-06c0490 elementor-section-boxed elementor-section-height-default elementor-section-height-default\" data-id=\"06c0490\" data-element_type=\"section\">\n\t\t\t\t\t\t<div class=\"elementor-container elementor-column-gap-default\">\n\t\t\t\t\t<div class=\"elementor-column elementor-col-50 elementor-top-column elementor-element elementor-element-8922f9b\" data-id=\"8922f9b\" data-element_type=\"column\">\n\t\t\t<div class=\"elementor-widget-wrap elementor-element-populated\">\n\t\t\t\t\t\t<div class=\"elementor-element elementor-element-e853acc elementor-widget elementor-widget-text-editor\" data-id=\"e853acc\" data-element_type=\"widget\" data-widget_type=\"text-editor.default\">\n\t\t\t\t<div class=\"elementor-widget-container\">\n\t\t\t\t\t\t\t\t\t<ul><li>Acordarea ajutorului social<\/li><li>Acordarea drepturilor persoanelor cu handicap<\/li><li>Acordarea tichetelor sociale pentru gr\u0103dinit\u0103<\/li><li><div>Asistarea minorilor si persoanelor v\u0103rstnice<\/div><\/li><li>Efectuarea anchetei sociale<\/li><li>Incadrarea cu contract individual de munc\u0103 in functia de asistent personal al unei persoane cu handicap<\/li><li>Primirea si solufionarea cererilor privind plata alocatiei familiale complementare si a alocatiei de susfinere<\/li><li>Acordarea unui ajutor in caz de urgent\u0103, acordare asistenta in caz de epidemii, pandemii sau alte situafii speciale<\/li><\/ul>\t\t\t\t\t\t\t\t<\/div>\n\t\t\t\t<\/div>\n\t\t\t\t\t<\/div>\n\t\t<\/div>\n\t\t\t\t<div class=\"elementor-column elementor-col-50 elementor-top-column elementor-element elementor-element-5af6307\" data-id=\"5af6307\" data-element_type=\"column\">\n\t\t\t<div class=\"elementor-widget-wrap elementor-element-populated\">\n\t\t\t\t\t\t<div class=\"elementor-element elementor-element-dd8c72d elementor-widget elementor-widget-text-editor\" data-id=\"dd8c72d\" data-element_type=\"widget\" data-widget_type=\"text-editor.default\">\n\t\t\t\t<div class=\"elementor-widget-container\">\n\t\t\t\t\t\t\t\t\t<ul><li>Acordarea alocatiei de stat pentru copii in v\u0103rst\u0103 de p\u0103n\u0103 la 18 ani<\/li><li>Consilierea familiei<\/li><li>Acordarea indemnizatiei lunare crestere copil<\/li><li>Adop\u021bia intern\u0103<\/li><li>Autoritatea tutelar\u0103 si curatela<\/li><li>Identificarea si monitorizarea copiilor cu p\u0103rinfi plecati la munc\u0103 in str\u0103in\u0103tate<\/li><li>Masurile de protectie sociala in perioade sezonului rece<\/li><li>Programul Operational Ajutorarea Persoanelor Defavorizate<\/li><li>Aplicarea m\u0103surilor de prevenire si combatere a situatiilor de risc pentru copii separati de p\u0103rinti<\/li><li><div><div>Inchirierea spa\u021biilor de locuit (locuinte) pentru persoanele sinistrate<\/div><\/div><\/li><\/ul>\t\t\t\t\t\t\t\t<\/div>\n\t\t\t\t<\/div>\n\t\t\t\t\t<\/div>\n\t\t<\/div>\n\t\t\t\t\t<\/div>\n\t\t<\/section>\n\t\t\t\t<section class=\"elementor-section elementor-top-section elementor-element elementor-element-40f4314 elementor-section-boxed elementor-section-height-default elementor-section-height-default\" data-id=\"40f4314\" data-element_type=\"section\">\n\t\t\t\t\t\t<div class=\"elementor-container elementor-column-gap-default\">\n\t\t\t\t\t<div class=\"elementor-column elementor-col-100 elementor-top-column elementor-element elementor-element-27cbf6e\" data-id=\"27cbf6e\" data-element_type=\"column\">\n\t\t\t<div class=\"elementor-widget-wrap elementor-element-populated\">\n\t\t\t\t\t\t<div class=\"elementor-element elementor-element-7e2eae3 elementor-widget elementor-widget-heading\" data-id=\"7e2eae3\" data-element_type=\"widget\" data-widget_type=\"heading.default\">\n\t\t\t\t<div class=\"elementor-widget-container\">\n\t\t\t\t\t<h4 class=\"elementor-heading-title elementor-size-default\">Venit minim de incluziune (VMI)<\/h4>\t\t\t\t<\/div>\n\t\t\t\t<\/div>\n\t\t\t\t<section class=\"elementor-section elementor-inner-section elementor-element elementor-element-4e4dbe8 elementor-section-boxed elementor-section-height-default elementor-section-height-default\" data-id=\"4e4dbe8\" data-element_type=\"section\">\n\t\t\t\t\t\t<div class=\"elementor-container elementor-column-gap-default\">\n\t\t\t\t\t<div class=\"elementor-column elementor-col-100 elementor-inner-column elementor-element elementor-element-62128c5\" data-id=\"62128c5\" data-element_type=\"column\">\n\t\t\t<div class=\"elementor-widget-wrap elementor-element-populated\">\n\t\t\t\t\t\t<div class=\"elementor-element elementor-element-af44034 elementor-widget elementor-widget-heading\" data-id=\"af44034\" data-element_type=\"widget\" data-widget_type=\"heading.default\">\n\t\t\t\t<div class=\"elementor-widget-container\">\n\t\t\t\t\t<h4 class=\"elementor-heading-title elementor-size-default\">Acte necesare pentru acordarea  VMI<\/h4>\t\t\t\t<\/div>\n\t\t\t\t<\/div>\n\t\t\t\t\t<\/div>\n\t\t<\/div>\n\t\t\t\t\t<\/div>\n\t\t<\/section>\n\t\t\t\t<div class=\"elementor-element elementor-element-7a73ec4 elementor-widget-divider--view-line elementor-widget elementor-widget-divider\" data-id=\"7a73ec4\" data-element_type=\"widget\" data-widget_type=\"divider.default\">\n\t\t\t\t<div class=\"elementor-widget-container\">\n\t\t\t\t\t\t\t<div class=\"elementor-divider\">\n\t\t\t<span class=\"elementor-divider-separator\">\n\t\t\t\t\t\t<\/span>\n\t\t<\/div>\n\t\t\t\t\t\t<\/div>\n\t\t\t\t<\/div>\n\t\t\t\t\t<\/div>\n\t\t<\/div>\n\t\t\t\t\t<\/div>\n\t\t<\/section>\n\t\t\t\t<section class=\"elementor-section elementor-top-section elementor-element elementor-element-380fa9c elementor-section-boxed elementor-section-height-default elementor-section-height-default\" data-id=\"380fa9c\" data-element_type=\"section\">\n\t\t\t\t\t\t<div class=\"elementor-container elementor-column-gap-default\">\n\t\t\t\t\t<div class=\"elementor-column elementor-col-50 elementor-top-column elementor-element elementor-element-3e824d4\" data-id=\"3e824d4\" data-element_type=\"column\">\n\t\t\t<div class=\"elementor-widget-wrap elementor-element-populated\">\n\t\t\t\t\t\t<div class=\"elementor-element elementor-element-72e8dce elementor-widget elementor-widget-text-editor\" data-id=\"72e8dce\" data-element_type=\"widget\" data-widget_type=\"text-editor.default\">\n\t\t\t\t<div class=\"elementor-widget-container\">\n\t\t\t\t\t\t\t\t\t<ul><li>Cerere \u0219i declara\u021bia pe propria r\u0103spundere pentru acordarea unor drepturi de asisten\u021b\u0103 social\u0103<\/li><li>Angajament de plat\u0103<\/li><li>Buletine\/c\u0103r\u021bi de identitate ale membrilor de familie<\/li><li>Certificatul de c\u0103s\u0103torie<\/li><li>Certificat de deces dup\u0103 caz<\/li><li>Adeverin\u021be de venit pentru toate sursele de venit<\/li><li>Adeverin\u021b\u0103 eliberat\u0103 de unitatea de \u00eenv\u0103\u021b\u0103m\u00e2nt la care sunt \u00eenscri\u0219i copii, care s\u0103 ateste c\u0103 ace\u0219tia frecventeaz\u0103 o form\u0103 de \u00eenv\u0103\u021b\u0103m\u00e2nt (pentru anul \u00een curs \u0219i anterior)<\/li><\/ul>\t\t\t\t\t\t\t\t<\/div>\n\t\t\t\t<\/div>\n\t\t\t\t\t<\/div>\n\t\t<\/div>\n\t\t\t\t<div class=\"elementor-column elementor-col-50 elementor-top-column elementor-element elementor-element-b03fc1f\" data-id=\"b03fc1f\" data-element_type=\"column\">\n\t\t\t<div class=\"elementor-widget-wrap elementor-element-populated\">\n\t\t\t\t\t\t<div class=\"elementor-element elementor-element-a65b9cc elementor-widget elementor-widget-text-editor\" data-id=\"a65b9cc\" data-element_type=\"widget\" data-widget_type=\"text-editor.default\">\n\t\t\t\t<div class=\"elementor-widget-container\">\n\t\t\t\t\t\t\t\t\t<ul><li>Dac\u0103 este cazul, hot\u0103r\u00e2ri judec\u0103tore\u0219ti privind instituirea unor m\u0103suri de protec\u021bie privind minori<\/li><li>Certificat de handicap \u00een cazul persoanelor cu dizabilit\u0103\u021bi<\/li><li>Adeverin\u021b\u0103 eliberat\u0103 de ANAF privind veniturile realizate de membrii majori ai familiei<\/li><li>Adeverin\u021b\u0103 eliberat\u0103 de angajatori din care s\u0103 rezulte venitul net realizat \u00een luna anterioar\u0103 depunerii cererii<\/li><li>Certificat fiscal (de la prim\u0103rie)<\/li><li>Adeverin\u021b\u0103 eliberat\u0103 de compartimentul agricol din care s\u0103 rezulte terenul agricol aflat \u00een proprietate, precum \u0219i animalele de\u021binute<\/li><li>Talon autoturism<\/li><li>Acord cu privire la prelucrarea datelor cu caracter personal<\/li><\/ul>\t\t\t\t\t\t\t\t<\/div>\n\t\t\t\t<\/div>\n\t\t\t\t\t<\/div>\n\t\t<\/div>\n\t\t\t\t\t<\/div>\n\t\t<\/section>\n\t\t\t\t<section class=\"elementor-section elementor-top-section elementor-element elementor-element-a723306 elementor-section-boxed elementor-section-height-default elementor-section-height-default\" data-id=\"a723306\" data-element_type=\"section\">\n\t\t\t\t\t\t<div class=\"elementor-container elementor-column-gap-default\">\n\t\t\t\t\t<div class=\"elementor-column elementor-col-100 elementor-top-column elementor-element elementor-element-e94a8d1\" data-id=\"e94a8d1\" data-element_type=\"column\">\n\t\t\t<div class=\"elementor-widget-wrap elementor-element-populated\">\n\t\t\t\t\t\t<div class=\"elementor-element elementor-element-8e5f001 elementor-widget elementor-widget-premium-addon-button\" data-id=\"8e5f001\" data-element_type=\"widget\" data-widget_type=\"premium-addon-button.default\">\n\t\t\t\t<div class=\"elementor-widget-container\">\n\t\t\t\t\t\r\n\r\n\t\t<a class=\"premium-button premium-button-none premium-btn-lg premium-button-none\" href=\"https:\/\/primariaceahlau.ro\/?cat=11\">\r\n\t\t\t<div class=\"premium-button-text-icon-wrapper\">\r\n\t\t\t\t\r\n\t\t\t\t\t\t\t\t\t<span >\r\n\t\t\t\t\t\tAsisten\u021b\u0103 social\u0103 - Anun\u021buri\t\t\t\t\t<\/span>\r\n\t\t\t\t\r\n\t\t\t\t\t\t\t<\/div>\r\n\r\n\t\t\t\r\n\t\t\t\r\n\t\t\t\r\n\t\t<\/a>\r\n\r\n\r\n\t\t\t\t\t\t<\/div>\n\t\t\t\t<\/div>\n\t\t\t\t\t<\/div>\n\t\t<\/div>\n\t\t\t\t\t<\/div>\n\t\t<\/section>\n\t\t\t\t<\/div>\n\t\t","protected":false},"excerpt":{"rendered":"<p>Asisten\u021b\u0103 social\u0103 Responsabil departament: IUTE\u0218 MARIA-CLAUDIA\u00a0 Atribu\u021bii Acordarea ajutorului social Acordarea drepturilor persoanelor cu handicap Acordarea tichetelor sociale pentru gr\u0103dinit\u0103 Asistarea minorilor si persoanelor v\u0103rstnice Efectuarea anchetei sociale Incadrarea cu contract individual de munc\u0103 in functia de asistent personal al unei persoane cu handicap Primirea si solufionarea cererilor privind plata alocatiei familiale complementare si a &hellip;<\/p>\n<p class=\"read-more\"> <a class=\"\" href=\"https:\/\/arhiva.primariaceahlau.ro\/?page_id=1305\"> <span class=\"screen-reader-text\">Asisten\u021b\u0103 social\u0103<\/span> Read More &raquo;<\/a><\/p>\n","protected":false},"author":1,"featured_media":0,"parent":0,"menu_order":0,"comment_status":"closed","ping_status":"closed","template":"asistenta-sociala.php","meta":{"site-sidebar-layout":"no-sidebar","site-content-layout":"page-builder","ast-site-content-layout":"default","site-content-style":"default","site-sidebar-style":"default","ast-global-header-display":"","ast-banner-title-visibility":"","ast-main-header-display":"","ast-hfb-above-header-display":"","ast-hfb-below-header-display":"","ast-hfb-mobile-header-display":"","site-post-title":"disabled","ast-breadcrumbs-content":"","ast-featured-img":"disabled","footer-sml-layout":"","theme-transparent-header-meta":"","adv-header-id-meta":"","stick-header-meta":"","header-above-stick-meta":"","header-main-stick-meta":"","header-below-stick-meta":"","astra-migrate-meta-layouts":"set","footnotes":""},"class_list":["post-1305","page","type-page","status-publish","hentry"],"_links":{"self":[{"href":"https:\/\/arhiva.primariaceahlau.ro\/index.php?rest_route=\/wp\/v2\/pages\/1305","targetHints":{"allow":["GET"]}}],"collection":[{"href":"https:\/\/arhiva.primariaceahlau.ro\/index.php?rest_route=\/wp\/v2\/pages"}],"about":[{"href":"https:\/\/arhiva.primariaceahlau.ro\/index.php?rest_route=\/wp\/v2\/types\/page"}],"author":[{"embeddable":true,"href":"https:\/\/arhiva.primariaceahlau.ro\/index.php?rest_route=\/wp\/v2\/users\/1"}],"replies":[{"embeddable":true,"href":"https:\/\/arhiva.primariaceahlau.ro\/index.php?rest_route=%2Fwp%2Fv2%2Fcomments&post=1305"}],"version-history":[{"count":16,"href":"https:\/\/arhiva.primariaceahlau.ro\/index.php?rest_route=\/wp\/v2\/pages\/1305\/revisions"}],"predecessor-version":[{"id":2103,"href":"https:\/\/arhiva.primariaceahlau.ro\/index.php?rest_route=\/wp\/v2\/pages\/1305\/revisions\/2103"}],"wp:attachment":[{"href":"https:\/\/arhiva.primariaceahlau.ro\/index.php?rest_route=%2Fwp%2Fv2%2Fmedia&parent=1305"}],"curies":[{"name":"wp","href":"https:\/\/api.w.org\/{rel}","templated":true}]}}